{"id":1068,"date":"2022-01-03T17:36:29","date_gmt":"2022-01-03T14:36:29","guid":{"rendered":"https:\/\/sadeoncubakliyat.com\/tr\/?page_id=1068"},"modified":"2022-01-07T22:00:20","modified_gmt":"2022-01-07T19:00:20","slug":"yesil-mercimek","status":"publish","type":"page","link":"https:\/\/sadeoncubakliyat.com\/de\/yesil-mercimek\/","title":{"rendered":"Gr\u00fcne Linsen"},"content":{"rendered":"<div class=\"vc_row wpb_row vc_custom_1641219515782 porto-inner-container\"><div class=\"porto-wrap-container container\"><div class=\"row\"><div class=\"vc_column_container col-md-12\"><div class=\"wpb_wrapper vc_column-inner\">\n\t<div class=\"wpb_text_column wpb_content_element\" >\n\t\t<div class=\"wpb_wrapper\">\n\t\t\t<p><img loading=\"lazy\" class=\"alignright wp-image-1000\" src=\"https:\/\/sadeoncubakliyat.com\/tr\/wp-content\/uploads\/2021\/12\/yesil-mercimek-1-300x300.jpg\" alt=\"\" width=\"400\" height=\"400\" srcset=\"https:\/\/sadeoncubakliyat.com\/wp-content\/uploads\/2021\/12\/yesil-mercimek-1-400x400.jpg 400w, https:\/\/sadeoncubakliyat.com\/wp-content\/uploads\/2021\/12\/yesil-mercimek-1-367x367.jpg 367w\" sizes=\"(max-width: 400px) 100vw, 400px\" \/>Linsen haben in vielen K\u00fcchen einen Platz gefunden. Die Heimat der Linsen soll S\u00fcdostasien sein. Im Laufe der Zeit hat es begonnen, in L\u00e4ndern angebaut zu werden, die sich an sich selbst anpassen. Es gibt Sorten von Gelb, Rot, Gr\u00fcn und Braun.<\/p>\n<p>Wir haben diesen Artikel vorbereitet, um die gesundheitliche Wirkung der beliebten gr\u00fcnen Linse zu erkl\u00e4ren, die in der t\u00fcrkischen K\u00fcche als schwarzer Blitz bekannt ist. Die Vorteile von gr\u00fcnen Linsen, die Sie bei gesunden Essgewohnheiten und Di\u00e4tern\u00e4hrung bedenkenlos verzehren k\u00f6nnen, und mehr erfahren Sie in diesem Artikel. Sie werden viele Gr\u00fcnde haben, gr\u00fcne Linsen in Ihrer K\u00fcche zu sehen.<\/p>\n<h2><span id=\"yesil-mercimegin-faydalari-nelerdir\"><img loading=\"lazy\" class=\"alignleft wp-image-1069\" src=\"https:\/\/sadeoncubakliyat.com\/tr\/wp-content\/uploads\/2022\/01\/yesil-mercimek-faydalari-kalori-ve-besin-degeri-1-300x200.jpg\" alt=\"Ye\u015fil Mercimek\" width=\"401\" height=\"267\" srcset=\"https:\/\/sadeoncubakliyat.com\/wp-content\/uploads\/2022\/01\/yesil-mercimek-faydalari-kalori-ve-besin-degeri-1-400x267.jpg 400w, https:\/\/sadeoncubakliyat.com\/wp-content\/uploads\/2022\/01\/yesil-mercimek-faydalari-kalori-ve-besin-degeri-1-367x245.jpg 367w\" sizes=\"(max-width: 401px) 100vw, 401px\" \/>Was sind die Vorteile von gr\u00fcnen Linsen?<\/span><\/h2>\n<ul>\n<li>Gr\u00fcne Linsen sind ballaststoffreiche H\u00fclsenfr\u00fcchte. Die Wirkung von faserigen Lebensmitteln auf die Gesundheit ist die regelm\u00e4\u00dfige Funktion des Darmsystems. Wenn Sie gr\u00fcne Linsen zu sich nehmen, wird Ihr Darm aktiver. Infolge dieser Situation werden Probleme wie Verstopfung verschwinden.<\/li>\n<li>Gr\u00fcne Linsen sind sehr effektiv bei der Umwandlung des Zuckers, der in Ihren K\u00f6rper gelangt, in Energie. Durch diese Stoffwechselaktivit\u00e4t wird Ihr Blutzuckerspiegel ausgeglichen und die M\u00f6glichkeit einer Diabeteserkrankung ausgeschlossen. Gr\u00fcne Linsen nehmen aufgrund ihres geringen Zuckergehalts einen wichtigen Platz in der Diabetes-Ern\u00e4hrung ein.<\/li>\n<li>Wie alle H\u00fclsenfr\u00fcchte spielen gr\u00fcne Linsen eine wichtige Rolle f\u00fcr Ihre Herzgesundheit. Es senkt den Cholesterinspiegel und beugt Arteriosklerose vor. Es sch\u00fctzt die Gef\u00e4\u00dfgesundheit und verhindert die Fettbildung in den Venen.<\/li>\n<li>Gr\u00fcne Linsen werden wegen der Energie, die sie dem K\u00f6rper gibt, bevorzugt und sind ein unverzichtbares Nahrungsmittel f\u00fcr Sportler und Di\u00e4tassistenten. Es sorgt f\u00fcr die Regeneration von Muskelzellen und beschleunigt den Muskelaufbau bei Sportlern.<\/li>\n<li>Aufgrund seines hohen Eisen-Magnesium-Verh\u00e4ltnisses beseitigt es An\u00e4mieprobleme. Gr\u00fcne Linsen, die An\u00e4miepatienten als Zugabe zu ihren Mahlzeiten empfohlen werden; Es ist wirksam bei der Bildung und Gesundheit von roten Blutk\u00f6rperchen.<\/li>\n<li>Gr\u00fcne Linsen geh\u00f6ren zu den Quellen f\u00fcr B-Vitamine. Dank B-Vitaminen sch\u00fctzt es die Gesundheit des Nervensystems. Es tr\u00e4gt auch zu einer ges\u00fcnderen Funktion der Hormone bei.<\/li>\n<li>Es sch\u00fctzt wirksam die Gesundheit von Haut und Haaren in Bezug auf den N\u00e4hrwert. Es heilt Hautirritationen und Wunden in kurzer Zeit. Es macht Ihr Haar ges\u00fcnder und lebendiger.<\/li>\n<li>Auch die Unterst\u00fctzung beim Abnehmen w\u00e4hrend der Di\u00e4t geh\u00f6rt zu den Vorteilen von gr\u00fcnen Linsen.<\/li>\n<li>Wenn Sie Kinder mit gr\u00fcner Linsensuppe f\u00fcttern, geben Sie ihnen alle Vitamine und Mineralstoffe, die ihre Entwicklung unterst\u00fctzen. Die Vorteile der gr\u00fcnen Linsensuppe k\u00f6nnen Babys und allen Kindern, die auf feste Nahrung umsteigen, problemlos verf\u00fcttert werden. Sie k\u00f6nnen gr\u00fcne Linsen am Vorabend einweichen, um Bl\u00e4hungen bei Babys zu vermeiden.<\/li>\n<li>Werdende M\u00fctter sollten Nahrungsmittel auf Fols\u00e4urebasis zu sich nehmen. Gr\u00fcne Linsen sind auch ein Lebensmittel mit viel Fols\u00e4ure. Es wird f\u00fcr die Entwicklung des Babys im Mutterleib bevorzugt.<\/li>\n<\/ul>\n<h2><img loading=\"lazy\" class=\"wp-image-4692414 alignright\" src=\"https:\/\/i.nefisyemektarifleri.com\/2018\/06\/01\/yesil-mercimek-faydalari-kalori-ve-besin-degeri-3.jpg\" alt=\"ye\u015fil mercimek besin de\u011feri\" width=\"481\" height=\"320\" data-lazy-loaded=\"true\" \/><\/h2>\n<h2><span id=\"yesil-mercimek-kalori-protein-ve-besin-degeri\">Gr\u00fcne Linsen Kalorien, Protein und N\u00e4hrwert<\/span><\/h2>\n<p>H\u00fclsenfr\u00fcchte, bekannt f\u00fcr ihren hohen N\u00e4hrwert, werden in fast jedem Gericht in der K\u00fcche verwendet. Unter diesen H\u00fclsenfr\u00fcchten ist die gr\u00fcne Linse ein beliebtes Nahrungsmittel, das in Bezug auf den N\u00e4hrwert bevorzugt wird.<\/p>\n<ul>\n<li>Die Kalorienmenge einer gr\u00fcnen Linsensuppe, die Sie in einer Mahlzeit zu sich nehmen, ist als 161 kcal bekannt.<\/li>\n<li>Eine Kaffeetasse gr\u00fcne Linsen enth\u00e4lt 34,79 Gramm Kohlenhydrate.<\/li>\n<li>Die Proteinmenge betr\u00e4gt 24,85 Gramm.<\/li>\n<li>0,87 Gramm Fett,<\/li>\n<li>24,69 Gramm Ballaststoffe,<\/li>\n<li>12,35 Gramm Natrium,<\/li>\n<li>Es enth\u00e4lt 918,65 Milligramm Kalium.<\/li>\n<li>Gleichzeitig 60,8 mg Calcium,<\/li>\n<li>Es enth\u00e4lt 7,38 Gramm Eisen.<\/li>\n<li>Au\u00dferdem ist es reich an Vitamin A, B und C.<\/li>\n<li>Der Zuckergehalt von 100 Gramm gr\u00fcner Linsen wurde mit 1,8 Gramm bestimmt.<\/li>\n<\/ul>\n\n\t\t<\/div>\n\t<\/div>\n<\/div><\/div><\/div><\/div><\/div>","protected":false},"excerpt":{"rendered":"Mercimek pek \u00e7ok mutfakta kendine yer bulmu\u015ftur. Mercime\u011fin anavatan\u0131n\u0131n G\u00fcneydo\u011fu Asya oldu\u011fu s\u00f6ylenmektedir. Zaman i\u00e7inde kendine uyum sa\u011flayan topraklarda yeti\u015ftirilmeye ba\u015flanm\u0131\u015ft\u0131r. Sar\u0131, k\u0131rm\u0131z\u0131 ve ye\u015fil, kahverengi olmak \u00fczere \u00e7e\u015fitleri bulunmaktad\u0131r. T\u00fcrk mutfa\u011f\u0131nda kara \u015fim\u015fek ad\u0131yla bilinen, \u00e7ok sevilen ye\u015fil mercime\u011fin sa\u011fl\u0131\u011fa olan etkisini biraz daha a\u00e7mak i\u00e7in bu yaz\u0131y\u0131 haz\u0131rlad\u0131k. Sa\u011fl\u0131kl\u0131 beslenme al\u0131\u015fkanl\u0131\u011f\u0131nda ve diyet [...]","protected":false},"author":1,"featured_media":0,"parent":0,"menu_order":0,"comment_status":"closed","ping_status":"closed","template":"","meta":{"_mi_skip_tracking":false},"yoast_head":"<!-- This site is optimized with the Yoast SEO Premium plugin v17.7 (Yoast SEO v17.7) - https:\/\/yoast.com\/wordpress\/plugins\/seo\/ -->\n<title>Ye\u015fil Mercimek - Sade \u00d6nc\u00fc Bakliyat<\/title>\n<meta name=\"robots\" content=\"index, follow, max-snippet:-1, max-image-preview:large, max-video-preview:-1\" \/>\n<link rel=\"canonical\" href=\"https:\/\/sadeoncubakliyat.com\/de\/yesil-mercimek\/\" \/>\n<meta property=\"og:locale\" content=\"de_DE\" \/>\n<meta property=\"og:type\" content=\"article\" \/>\n<meta property=\"og:title\" content=\"Ye\u015fil Mercimek\" \/>\n<meta property=\"og:url\" content=\"https:\/\/sadeoncubakliyat.com\/de\/yesil-mercimek\/\" \/>\n<meta property=\"og:site_name\" content=\"Sade \u00d6nc\u00fc Bakliyat\" \/>\n<meta property=\"article:modified_time\" content=\"2022-01-07T19:00:20+00:00\" \/>\n<meta property=\"og:image\" content=\"https:\/\/sadeoncubakliyat.com\/tr\/wp-content\/uploads\/2021\/12\/yesil-mercimek-1-300x300.jpg\" \/>\n<meta name=\"twitter:card\" content=\"summary\" \/>\n<meta name=\"twitter:label1\" content=\"Gesch\u00e4tzte Lesezeit\" \/>\n\t<meta name=\"twitter:data1\" content=\"3 Minuten\" \/>\n<script type=\"application\/ld+json\" class=\"yoast-schema-graph\">{\"@context\":\"https:\/\/schema.org\",\"@graph\":[{\"@type\":\"Organization\",\"@id\":\"https:\/\/sadeoncubakliyat.com\/#organization\",\"name\":\"Sade \\u00d6nc\\u00fc Bakliyat\",\"url\":\"https:\/\/sadeoncubakliyat.com\/\",\"sameAs\":[],\"logo\":{\"@type\":\"ImageObject\",\"@id\":\"https:\/\/sadeoncubakliyat.com\/#logo\",\"inLanguage\":\"de-DE\",\"url\":\"https:\/\/sadeoncubakliyat.com\/wp-content\/uploads\/2021\/12\/sade_oncu_bakliyat_logo-3.png\",\"contentUrl\":\"https:\/\/sadeoncubakliyat.com\/wp-content\/uploads\/2021\/12\/sade_oncu_bakliyat_logo-3.png\",\"width\":512,\"height\":512,\"caption\":\"Sade \\u00d6nc\\u00fc Bakliyat\"},\"image\":{\"@id\":\"https:\/\/sadeoncubakliyat.com\/#logo\"}},{\"@type\":\"WebSite\",\"@id\":\"https:\/\/sadeoncubakliyat.com\/#website\",\"url\":\"https:\/\/sadeoncubakliyat.com\/\",\"name\":\"Sade \\u00d6nc\\u00fc Bakliyat\",\"description\":\"Kalitede ve Sadelikte \\u00d6nc\\u00fc\",\"publisher\":{\"@id\":\"https:\/\/sadeoncubakliyat.com\/#organization\"},\"potentialAction\":[{\"@type\":\"SearchAction\",\"target\":{\"@type\":\"EntryPoint\",\"urlTemplate\":\"https:\/\/sadeoncubakliyat.com\/?s={search_term_string}\"},\"query-input\":\"required name=search_term_string\"}],\"inLanguage\":\"de-DE\"},{\"@type\":\"ImageObject\",\"@id\":\"https:\/\/sadeoncubakliyat.com\/yesil-mercimek\/#primaryimage\",\"inLanguage\":\"de-DE\",\"url\":\"https:\/\/sadeoncubakliyat.com\/tr\/wp-content\/uploads\/2021\/12\/yesil-mercimek-1-300x300.jpg\",\"contentUrl\":\"https:\/\/sadeoncubakliyat.com\/tr\/wp-content\/uploads\/2021\/12\/yesil-mercimek-1-300x300.jpg\"},{\"@type\":\"WebPage\",\"@id\":\"https:\/\/sadeoncubakliyat.com\/yesil-mercimek\/#webpage\",\"url\":\"https:\/\/sadeoncubakliyat.com\/yesil-mercimek\/\",\"name\":\"Ye\\u015fil Mercimek - Sade \\u00d6nc\\u00fc Bakliyat\",\"isPartOf\":{\"@id\":\"https:\/\/sadeoncubakliyat.com\/#website\"},\"primaryImageOfPage\":{\"@id\":\"https:\/\/sadeoncubakliyat.com\/yesil-mercimek\/#primaryimage\"},\"datePublished\":\"2022-01-03T14:36:29+00:00\",\"dateModified\":\"2022-01-07T19:00:20+00:00\",\"breadcrumb\":{\"@id\":\"https:\/\/sadeoncubakliyat.com\/yesil-mercimek\/#breadcrumb\"},\"inLanguage\":\"de-DE\",\"potentialAction\":[{\"@type\":\"ReadAction\",\"target\":[\"https:\/\/sadeoncubakliyat.com\/yesil-mercimek\/\"]}]},{\"@type\":\"BreadcrumbList\",\"@id\":\"https:\/\/sadeoncubakliyat.com\/yesil-mercimek\/#breadcrumb\",\"itemListElement\":[{\"@type\":\"ListItem\",\"position\":1,\"name\":\"Anasayfa\",\"item\":\"https:\/\/sadeoncubakliyat.com\/\"},{\"@type\":\"ListItem\",\"position\":2,\"name\":\"Ye\\u015fil Mercimek\"}]}]}<\/script>\n<!-- \/ Yoast SEO Premium plugin. -->","yoast_head_json":{"title":"Ye\u015fil Mercimek - Sade \u00d6nc\u00fc Bakliyat","robots":{"index":"index","follow":"follow","max-snippet":"max-snippet:-1","max-image-preview":"max-image-preview:large","max-video-preview":"max-video-preview:-1"},"canonical":"https:\/\/sadeoncubakliyat.com\/de\/yesil-mercimek\/","og_locale":"de_DE","og_type":"article","og_title":"Ye\u015fil Mercimek","og_url":"https:\/\/sadeoncubakliyat.com\/de\/yesil-mercimek\/","og_site_name":"Sade \u00d6nc\u00fc Bakliyat","article_modified_time":"2022-01-07T19:00:20+00:00","og_image":[{"url":"https:\/\/sadeoncubakliyat.com\/tr\/wp-content\/uploads\/2021\/12\/yesil-mercimek-1-300x300.jpg"}],"twitter_card":"summary","twitter_misc":{"Gesch\u00e4tzte Lesezeit":"3 Minuten"},"schema":{"@context":"https:\/\/schema.org","@graph":[{"@type":"Organization","@id":"https:\/\/sadeoncubakliyat.com\/#organization","name":"Sade \u00d6nc\u00fc Bakliyat","url":"https:\/\/sadeoncubakliyat.com\/","sameAs":[],"logo":{"@type":"ImageObject","@id":"https:\/\/sadeoncubakliyat.com\/#logo","inLanguage":"de-DE","url":"https:\/\/sadeoncubakliyat.com\/wp-content\/uploads\/2021\/12\/sade_oncu_bakliyat_logo-3.png","contentUrl":"https:\/\/sadeoncubakliyat.com\/wp-content\/uploads\/2021\/12\/sade_oncu_bakliyat_logo-3.png","width":512,"height":512,"caption":"Sade \u00d6nc\u00fc Bakliyat"},"image":{"@id":"https:\/\/sadeoncubakliyat.com\/#logo"}},{"@type":"WebSite","@id":"https:\/\/sadeoncubakliyat.com\/#website","url":"https:\/\/sadeoncubakliyat.com\/","name":"Sade \u00d6nc\u00fc Bakliyat","description":"Kalitede ve Sadelikte \u00d6nc\u00fc","publisher":{"@id":"https:\/\/sadeoncubakliyat.com\/#organization"},"potentialAction":[{"@type":"SearchAction","target":{"@type":"EntryPoint","urlTemplate":"https:\/\/sadeoncubakliyat.com\/?s={search_term_string}"},"query-input":"required name=search_term_string"}],"inLanguage":"de-DE"},{"@type":"ImageObject","@id":"https:\/\/sadeoncubakliyat.com\/yesil-mercimek\/#primaryimage","inLanguage":"de-DE","url":"https:\/\/sadeoncubakliyat.com\/tr\/wp-content\/uploads\/2021\/12\/yesil-mercimek-1-300x300.jpg","contentUrl":"https:\/\/sadeoncubakliyat.com\/tr\/wp-content\/uploads\/2021\/12\/yesil-mercimek-1-300x300.jpg"},{"@type":"WebPage","@id":"https:\/\/sadeoncubakliyat.com\/yesil-mercimek\/#webpage","url":"https:\/\/sadeoncubakliyat.com\/yesil-mercimek\/","name":"Ye\u015fil Mercimek - Sade \u00d6nc\u00fc Bakliyat","isPartOf":{"@id":"https:\/\/sadeoncubakliyat.com\/#website"},"primaryImageOfPage":{"@id":"https:\/\/sadeoncubakliyat.com\/yesil-mercimek\/#primaryimage"},"datePublished":"2022-01-03T14:36:29+00:00","dateModified":"2022-01-07T19:00:20+00:00","breadcrumb":{"@id":"https:\/\/sadeoncubakliyat.com\/yesil-mercimek\/#breadcrumb"},"inLanguage":"de-DE","potentialAction":[{"@type":"ReadAction","target":["https:\/\/sadeoncubakliyat.com\/yesil-mercimek\/"]}]},{"@type":"BreadcrumbList","@id":"https:\/\/sadeoncubakliyat.com\/yesil-mercimek\/#breadcrumb","itemListElement":[{"@type":"ListItem","position":1,"name":"Anasayfa","item":"https:\/\/sadeoncubakliyat.com\/"},{"@type":"ListItem","position":2,"name":"Ye\u015fil Mercimek"}]}]}},"_links":{"self":[{"href":"https:\/\/sadeoncubakliyat.com\/de\/wp-json\/wp\/v2\/pages\/1068"}],"collection":[{"href":"https:\/\/sadeoncubakliyat.com\/de\/wp-json\/wp\/v2\/pages"}],"about":[{"href":"https:\/\/sadeoncubakliyat.com\/de\/wp-json\/wp\/v2\/types\/page"}],"author":[{"embeddable":true,"href":"https:\/\/sadeoncubakliyat.com\/de\/wp-json\/wp\/v2\/users\/1"}],"replies":[{"embeddable":true,"href":"https:\/\/sadeoncubakliyat.com\/de\/wp-json\/wp\/v2\/comments?post=1068"}],"version-history":[{"count":4,"href":"https:\/\/sadeoncubakliyat.com\/de\/wp-json\/wp\/v2\/pages\/1068\/revisions"}],"predecessor-version":[{"id":1189,"href":"https:\/\/sadeoncubakliyat.com\/de\/wp-json\/wp\/v2\/pages\/1068\/revisions\/1189"}],"wp:attachment":[{"href":"https:\/\/sadeoncubakliyat.com\/de\/wp-json\/wp\/v2\/media?parent=1068"}],"curies":[{"name":"wp","href":"https:\/\/api.w.org\/{rel}","templated":true}]}}